{"id":31,"date":"2024-02-12T23:55:53","date_gmt":"2024-02-12T23:55:53","guid":{"rendered":"https:\/\/raicillamx.com\/?page_id=31"},"modified":"2024-03-05T11:46:37","modified_gmt":"2024-03-05T17:46:37","slug":"raicilla","status":"publish","type":"page","link":"https:\/\/raicillamx.com\/index.php\/raicilla\/","title":{"rendered":"Raicilla"},"content":{"rendered":"\t\t<div data-elementor-type=\"wp-page\" data-elementor-id=\"31\" class=\"elementor elementor-31\">\n\t\t\t\t<div class=\"elementor-element elementor-element-6a991c2 e-flex e-con-boxed e-con e-parent\" data-id=\"6a991c2\" data-element_type=\"container\" data-e-type=\"container\" data-settings=\"{&quot;background_background&quot;:&quot;classic&quot;}\">\n\t\t\t\t\t<div class=\"e-con-inner\">\n\t\t\t\t<div class=\"elementor-element elementor-element-a7409a9 elementor-widget elementor-widget-spacer\" data-id=\"a7409a9\" data-element_type=\"widget\" data-e-type=\"widget\" data-widget_type=\"spacer.default\">\n\t\t\t\t<div class=\"elementor-widget-container\">\n\t\t\t\t\t\t\t<div class=\"elementor-spacer\">\n\t\t\t<div class=\"elementor-spacer-inner\"><\/div>\n\t\t<\/div>\n\t\t\t\t\t\t<\/div>\n\t\t\t\t<\/div>\n\t\t\t\t<div class=\"elementor-element elementor-element-26ea64f elementor-widget elementor-widget-elementskit-heading\" data-id=\"26ea64f\" data-element_type=\"widget\" data-e-type=\"widget\" data-widget_type=\"elementskit-heading.default\">\n\t\t\t\t<div class=\"elementor-widget-container\">\n\t\t\t\t\t<div class=\"ekit-wid-con\" ><div class=\"ekit-heading elementskit-section-title-wraper text_left   ekit_heading_tablet-   ekit_heading_mobile-\"><h2 class=\"ekit-heading--title elementskit-section-title \">La  <span><span>Raicilla<\/span><\/h2><div class=\"ekit_heading_separetor_wraper ekit_heading_elementskit-border-divider ekit-dotted\"><div class=\"elementskit-border-divider ekit-dotted\"><\/div><\/div><h3 class=\"ekit-heading--subtitle elementskit-section-subtitle  \">\n\t\t\t\t\t\tUn tesoro cultural entre monta\u00f1as y costas\n\t\t\t\t\t<\/h3><\/div><\/div>\t\t\t\t<\/div>\n\t\t\t\t<\/div>\n\t\t\t\t<div class=\"elementor-element elementor-element-5be1ca2 elementor-widget elementor-widget-spacer\" data-id=\"5be1ca2\" data-element_type=\"widget\" data-e-type=\"widget\" data-widget_type=\"spacer.default\">\n\t\t\t\t<div class=\"elementor-widget-container\">\n\t\t\t\t\t\t\t<div class=\"elementor-spacer\">\n\t\t\t<div class=\"elementor-spacer-inner\"><\/div>\n\t\t<\/div>\n\t\t\t\t\t\t<\/div>\n\t\t\t\t<\/div>\n\t\t\t\t\t<\/div>\n\t\t\t\t<\/div>\n\t\t<div class=\"elementor-element elementor-element-ab7a9a0 e-flex e-con-boxed e-con e-parent\" data-id=\"ab7a9a0\" data-element_type=\"container\" data-e-type=\"container\" data-settings=\"{&quot;background_background&quot;:&quot;classic&quot;}\">\n\t\t\t\t\t<div class=\"e-con-inner\">\n\t\t\t\t<div class=\"elementor-element elementor-element-ee23d0a elementor-widget elementor-widget-text-editor\" data-id=\"ee23d0a\" data-element_type=\"widget\" data-e-type=\"widget\" data-widget_type=\"text-editor.default\">\n\t\t\t\t<div class=\"elementor-widget-container\">\n\t\t\t\t\t\t\t\t\t<p data-sourcepos=\"3:1-3:76\"><strong>En las intrincadas monta\u00f1as de Jalisco<\/strong>, la raicilla de la sierra se alza como una <strong>joya ancestral<\/strong> que ha desafiado el tiempo. Mantiene viva la esencia de una <strong>tradici\u00f3n destilatoria clandestina<\/strong> que se remonta al siglo XVII, impregnando cada gota de un legado \u00fanico.<\/p><p data-sourcepos=\"5:1-5:72\"><strong>Mientras tanto, en las costas<\/strong> de este pintoresco estado mexicano, la raicilla de la costa se revela como una <strong>expresi\u00f3n singular de la riqueza cultural<\/strong> que ha florecido en la clandestinidad. Sus aromas y sabores capturan la esencia del mar y la brisa, creando una experiencia sensorial sin igual.<\/p><p data-sourcepos=\"7:1-7:38\"><strong>Un legado que se remonta a siglos:<\/strong><\/p><p data-sourcepos=\"9:1-9:370\">La Raicilla, con su profunda ra\u00edz en la cultura jalisciense, guarda <strong>entre sus aromas y sabores una historia fascinante<\/strong> que se remonta a m\u00e1s de 500 a\u00f1os. Su origen se entreteje con la <strong>tradici\u00f3n y el ingenio<\/strong> de los pueblos de Jalisco y Nayarit, quienes desde tiempos inmemoriales han aprovechado la <strong>riqueza natural de la regi\u00f3n<\/strong> para elaborar este elixir \u00fanico.<\/p><p data-sourcepos=\"11:1-11:24\"><strong>Un nombre con historia:<\/strong><\/p><p data-sourcepos=\"13:1-13:262\">El origen del nombre \u00abRaicilla\u00bb a\u00fan guarda cierto misterio. Algunos creen que deriva de la necesidad de evadir las <strong>autoridades virreinales<\/strong> que controlaban la producci\u00f3n de bebidas alcoh\u00f3licas. Se le llamaba \u00abraicilla\u00bb para <strong>confundirlas y no ser gravados<\/strong>.<\/p><p data-sourcepos=\"15:1-15:226\">Otra teor\u00eda, basada en cr\u00f3nicas del siglo XVII, sugiere que el nombre se debe a la similitud visual entre la base del agave (pi\u00f1a) y una ra\u00edz. Los <strong>antiguos productores<\/strong>, al destilar la bebida, la llamaban \u00abvino de la ra\u00edz\u00bb.<\/p><p data-sourcepos=\"17:1-17:34\"><strong>Un legado cultural invaluable:<\/strong><\/p><p data-sourcepos=\"19:1-19:377\">La Raicilla es un <strong>reflejo fiel de la identidad cultural<\/strong> de Jalisco y Nayarit. Su elaboraci\u00f3n artesanal, transmitida de generaci\u00f3n en generaci\u00f3n, forma parte del <strong>patrimonio cultural<\/strong> de estas regiones. Los conocimientos ancestrales se mezclan con la <strong>pasi\u00f3n y el trabajo duro<\/strong> de los maestros raicilleros, dando como resultado una bebida llena de <strong>tradici\u00f3n y sabor<\/strong>.<\/p><p data-sourcepos=\"21:1-21:30\"><strong>M\u00e1s que una simple bebida:<\/strong><\/p><p data-sourcepos=\"23:1-23:126\">La Raicilla es un <strong>s\u00edmbolo de la fuerza y la resiliencia<\/strong> de los pueblos de Jalisco y Nayarit. A lo largo de su historia, ha sorteado dificultades y prohibiciones, consolid\u00e1ndose como un <strong>elemento fundamental de la cultura local<\/strong>.<\/p><p data-sourcepos=\"25:1-25:33\"><strong>Un viaje sensorial sin igual:<\/strong><\/p><p data-sourcepos=\"27:1-27:246\">Cada sorbo de raicilla es una <strong>traves\u00eda sensorial<\/strong>. Sus matices var\u00edan seg\u00fan la regi\u00f3n, el tipo de agave, el maestro raicillero y otros factores, creando una <strong>sinfon\u00eda de sabores<\/strong> que va desde lo c\u00edtrico y especiado hasta lo mineral y frutal.<\/p><p data-sourcepos=\"29:1-29:243\"><strong>La Raicilla:<\/strong> Un tesoro cultural que invita a descubrir las <strong>leyendas, tradiciones y pasi\u00f3n<\/strong> que se esconden en cada gota. Un viaje por la historia y la cultura de Jalisco y Nayarit que despierta los sentidos y deja una huella imborrable.<\/p>\t\t\t\t\t\t\t\t<\/div>\n\t\t\t\t<\/div>\n\t\t\t\t\t<\/div>\n\t\t\t\t<\/div>\n\t\t<div class=\"elementor-element elementor-element-bd8648e e-flex e-con-boxed e-con e-parent\" data-id=\"bd8648e\" data-element_type=\"container\" data-e-type=\"container\" data-settings=\"{&quot;background_background&quot;:&quot;classic&quot;}\">\n\t\t\t\t\t<div class=\"e-con-inner\">\n\t\t\t\t<div class=\"elementor-element elementor-element-c86667a elementor-widget elementor-widget-spacer\" data-id=\"c86667a\" data-element_type=\"widget\" data-e-type=\"widget\" data-widget_type=\"spacer.default\">\n\t\t\t\t<div class=\"elementor-widget-container\">\n\t\t\t\t\t\t\t<div class=\"elementor-spacer\">\n\t\t\t<div class=\"elementor-spacer-inner\"><\/div>\n\t\t<\/div>\n\t\t\t\t\t\t<\/div>\n\t\t\t\t<\/div>\n\t\t\t\t\t<\/div>\n\t\t\t\t<\/div>\n\t\t<div class=\"elementor-element elementor-element-af601e9 e-flex e-con-boxed e-con e-parent\" data-id=\"af601e9\" data-element_type=\"container\" data-e-type=\"container\" data-settings=\"{&quot;background_background&quot;:&quot;classic&quot;}\">\n\t\t\t\t\t<div class=\"e-con-inner\">\n\t\t<div class=\"elementor-element elementor-element-9838e90 e-con-full e-flex e-con e-child\" data-id=\"9838e90\" data-element_type=\"container\" data-e-type=\"container\">\n\t\t\t\t<div class=\"elementor-element elementor-element-4068b87 elementor-widget elementor-widget-text-editor\" data-id=\"4068b87\" data-element_type=\"widget\" data-e-type=\"widget\" data-widget_type=\"text-editor.default\">\n\t\t\t\t<div class=\"elementor-widget-container\">\n\t\t\t\t\t\t\t\t\t<p>Valenzuela Zapata, Regalado Pinedo y Mizoguchi (2008), en su estudio sobre la \u00abInfluencia asi\u00e1tica en la producci\u00f3n de mezcal en la costa de Jalisco\u00bb, arrojan luz sobre la conexi\u00f3n entre la tecnolog\u00eda asi\u00e1tica y la producci\u00f3n de raicilla. Esta investigaci\u00f3n revela sorprendentes similitudes entre los alambiques tradicionales de la regi\u00f3n y el \u00abkabutogama chiki\u00bb japon\u00e9s, utilizado en la elaboraci\u00f3n de shochu. La presencia de esta influencia asi\u00e1tica no solo a\u00f1ade un cap\u00edtulo intrigante a la historia de la raicilla, sino que tambi\u00e9n destaca la riqueza de los intercambios culturales que han marcado su evoluci\u00f3n.<\/p>\t\t\t\t\t\t\t\t<\/div>\n\t\t\t\t<\/div>\n\t\t\t\t<\/div>\n\t\t<div class=\"elementor-element elementor-element-dbd2607 e-con-full e-flex e-con e-child\" data-id=\"dbd2607\" data-element_type=\"container\" data-e-type=\"container\">\n\t\t\t\t<div class=\"elementor-element elementor-element-132fc1a elementor-widget elementor-widget-text-editor\" data-id=\"132fc1a\" data-element_type=\"widget\" data-e-type=\"widget\" data-widget_type=\"text-editor.default\">\n\t\t\t\t<div class=\"elementor-widget-container\">\n\t\t\t\t\t\t\t\t\t<p>En paralelo, la obra de Jos\u00e9 M. Muri\u00e0, \u00abAproximaci\u00f3n a la raicilla\u00bb, se sumerge en la esencia de la raicilla de la sierra, destacando su singularidad y resaltando la labor de aquellos que, han batallado por dignificar y propagar esta bebida. A trav\u00e9s de sus palabras, se vislumbra un homenaje sincero y apasionado hacia una tradici\u00f3n que ha sido, en ocasiones, menospreciada.<\/p>\t\t\t\t\t\t\t\t<\/div>\n\t\t\t\t<\/div>\n\t\t\t\t<\/div>\n\t\t\t\t\t<\/div>\n\t\t\t\t<\/div>\n\t\t<div class=\"elementor-element elementor-element-344ff5c e-flex e-con-boxed e-con e-parent\" data-id=\"344ff5c\" data-element_type=\"container\" data-e-type=\"container\" data-settings=\"{&quot;background_background&quot;:&quot;classic&quot;}\">\n\t\t\t\t\t<div class=\"e-con-inner\">\n\t\t<div class=\"elementor-element elementor-element-a4c00e4 e-con-full e-flex e-con e-child\" data-id=\"a4c00e4\" data-element_type=\"container\" data-e-type=\"container\">\n\t\t\t\t<div class=\"elementor-element elementor-element-cf64dd0 elementor-widget elementor-widget-elementskit-heading\" data-id=\"cf64dd0\" data-element_type=\"widget\" data-e-type=\"widget\" data-widget_type=\"elementskit-heading.default\">\n\t\t\t\t<div class=\"elementor-widget-container\">\n\t\t\t\t\t<div class=\"ekit-wid-con\" ><div class=\"ekit-heading elementskit-section-title-wraper text_left   ekit_heading_tablet-   ekit_heading_mobile-\"><h2 class=\"ekit-heading--title elementskit-section-title \">Raicilla de la  <span><span>Sierra<\/span><\/span><\/h2><div class=\"ekit_heading_separetor_wraper ekit_heading_elementskit-border-divider ekit-dotted\"><div class=\"elementskit-border-divider ekit-dotted\"><\/div><\/div><h3 class=\"ekit-heading--subtitle elementskit-section-subtitle  \">\n\t\t\t\t\t\tElaborada principalmente con los &quot;Agaves Maximiliana Baker, InaequidensKoch y Valenciana&quot;.\n\t\t\t\t\t<\/h3><\/div><\/div>\t\t\t\t<\/div>\n\t\t\t\t<\/div>\n\t\t\t\t<div class=\"elementor-element elementor-element-b83e7d0 elementor-widget elementor-widget-text-editor\" data-id=\"b83e7d0\" data-element_type=\"widget\" data-e-type=\"widget\" data-widget_type=\"text-editor.default\">\n\t\t\t\t<div class=\"elementor-widget-container\">\n\t\t\t\t\t\t\t\t\t<ol><li><p><strong>Origen en Zonas Mineras:<\/strong> Se cree que la Raicilla de la sierra tiene sus ra\u00edces en las zonas mineras del Estado de Jalisco cercanas a la Sierra Occidental, abarcando municipios como San Sebasti\u00e1n del Oeste, Mascota, Talpa, entre otros.<\/p><\/li><li><p><strong>Siglo XVI:<\/strong>\u00a0 Se habla de que el siglo XVI marca el inicio de la producci\u00f3n de Raicilla con la introducci\u00f3n de sistemas de destilaci\u00f3n, siendo utilizados principalmente el tipo \u00c1rabe en la Sierra.<\/p><\/li><li><strong>Ocultamiento y Marginaci\u00f3n:<\/strong> La regi\u00f3n de la Sierra de Jalisco estuvo marcada por la marginaci\u00f3n y la ocultaci\u00f3n de beneficios, especialmente relacionados con la miner\u00eda. La falta de comunicaci\u00f3n y los caminos penosos contribuyeron a mantener la sierra poco conocida y aislada. A pesar de la prohibici\u00f3n, se sugiere que la raicilla pudo haber sido elaborada en peque\u00f1as tabernas o de forma casera en lugares rec\u00f3nditos.<\/li><li><p><strong>Variedad de Agaves:<\/strong> La bebida se destila a partir de distintas especies de agave originarias de M\u00e9xico, aprovechando la riqueza de la flora local. Principalmente el Maximiliana Baker en esta zona.<\/p><\/li><li><p><strong>Diversidad Clim\u00e1tica:<\/strong> La producci\u00f3n se lleva a cabo en dos macro-ambientes distintos: uno c\u00e1lido y h\u00famedo en la Zona Costa, y otro templado y seco en la Zona Sierra.<\/p><\/li><\/ol>\t\t\t\t\t\t\t\t<\/div>\n\t\t\t\t<\/div>\n\t\t\t\t<\/div>\n\t\t<div class=\"elementor-element elementor-element-e5b78da e-con-full e-flex e-con e-child\" data-id=\"e5b78da\" data-element_type=\"container\" data-e-type=\"container\">\n\t\t\t\t<div class=\"elementor-element elementor-element-1aebf79 elementor-widget elementor-widget-elementskit-heading\" data-id=\"1aebf79\" data-element_type=\"widget\" data-e-type=\"widget\" data-widget_type=\"elementskit-heading.default\">\n\t\t\t\t<div class=\"elementor-widget-container\">\n\t\t\t\t\t<div class=\"ekit-wid-con\" ><div class=\"ekit-heading elementskit-section-title-wraper text_left   ekit_heading_tablet-   ekit_heading_mobile-\"><h2 class=\"ekit-heading--title elementskit-section-title \">Raicilla de la  <span><span>Costa<\/span><\/span><\/h2><div class=\"ekit_heading_separetor_wraper ekit_heading_elementskit-border-divider ekit-dotted\"><div class=\"elementskit-border-divider ekit-dotted\"><\/div><\/div><h3 class=\"ekit-heading--subtitle elementskit-section-subtitle  \">\n\t\t\t\t\t\tElaborada principalmente con los &quot;Agaves Angustifolia Haw, y Rhodacantha&quot;.\n\t\t\t\t\t<\/h3><\/div><\/div>\t\t\t\t<\/div>\n\t\t\t\t<\/div>\n\t\t\t\t<div class=\"elementor-element elementor-element-e0e802d elementor-widget elementor-widget-text-editor\" data-id=\"e0e802d\" data-element_type=\"widget\" data-e-type=\"widget\" data-widget_type=\"text-editor.default\">\n\t\t\t\t<div class=\"elementor-widget-container\">\n\t\t\t\t\t\t\t\t\t<ul><li><p><strong>Desarrollo en el Siglo XVI:<\/strong> La producci\u00f3n de Raicilla se inici\u00f3 en el siglo XVI con la introducci\u00f3n de sistemas de destilaci\u00f3n en la Costa Norte del Estado de Jalisco.<\/p><\/li><li><p><strong>Sistemas de Destilaci\u00f3n Filipinos:<\/strong> En la Costa, se emple\u00f3 mayoritariamente el sistema de destilaci\u00f3n de tipo Filipino. Esta variante del destilador contribuy\u00f3 a la producci\u00f3n de Raicilla en esta regi\u00f3n.<\/p><strong>Variedades de Agave:<\/strong> Al igual que en la Sierra, la Raicilla en la Costa se elabora a partir de distintas especies de agave, en esta zona principalmente la familia\u00a0 Angustifolia Haw y Rhodacantha.<\/li><li><strong>Resistencia a Prohibiciones:<\/strong> En los siglos XVII y XVIII, los espa\u00f1oles intentaron suprimir la producci\u00f3n local de licores destilados en un intento por proteger la venta de brandis y vinos espa\u00f1oles importados. A pesar de la prohibici\u00f3n, tanto el mezcal como el aguardiente, incluyendo la Raicilla, continuaron fabric\u00e1ndose, especialmente para la venta en campos mineros.<\/li><li><p><strong>Adaptaci\u00f3n a Climas C\u00e1lidos y H\u00famedos:<\/strong> La producci\u00f3n en la Zona Costa se adapta a un ambiente c\u00e1lido y h\u00famedo, influyendo en el perfil y las caracter\u00edsticas de la Raicilla producida en esta regi\u00f3n.<\/p><\/li><\/ul>\t\t\t\t\t\t\t\t<\/div>\n\t\t\t\t<\/div>\n\t\t\t\t<\/div>\n\t\t\t\t\t<\/div>\n\t\t\t\t<\/div>\n\t\t<div class=\"elementor-element elementor-element-983c8f6 e-flex e-con-boxed e-con e-parent\" data-id=\"983c8f6\" data-element_type=\"container\" data-e-type=\"container\" data-settings=\"{&quot;background_background&quot;:&quot;classic&quot;}\">\n\t\t\t\t\t<div class=\"e-con-inner\">\n\t\t<div class=\"elementor-element elementor-element-533740e e-con-full e-flex e-con e-child\" data-id=\"533740e\" data-element_type=\"container\" data-e-type=\"container\" data-settings=\"{&quot;background_background&quot;:&quot;classic&quot;}\">\n\t\t\t\t<div class=\"elementor-element elementor-element-966ea6f elementor-widget__width-initial elementor-widget elementor-widget-elementskit-heading\" data-id=\"966ea6f\" data-element_type=\"widget\" data-e-type=\"widget\" data-widget_type=\"elementskit-heading.default\">\n\t\t\t\t<div class=\"elementor-widget-container\">\n\t\t\t\t\t<div class=\"ekit-wid-con\" ><div class=\"ekit-heading elementskit-section-title-wraper text_left   ekit_heading_tablet-   ekit_heading_mobile-\"><h2 class=\"ekit-heading--title elementskit-section-title \"><span>Clasificaciones<\/span><\/span><\/h2><div class=\"ekit_heading_separetor_wraper ekit_heading_elementskit-border-divider ekit-dotted\"><div class=\"elementskit-border-divider ekit-dotted\"><\/div><\/div><h3 class=\"ekit-heading--subtitle elementskit-section-subtitle  \">\n\t\t\t\t\t\tAdem\u00e1s de la clasificaci\u00f3n por regi\u00f3n, la Raicilla se clasifica en tres categor\u00edas seg\u00fan su proceso de elaboraci\u00f3n:\n\t\t\t\t\t<\/h3><\/div><\/div>\t\t\t\t<\/div>\n\t\t\t\t<\/div>\n\t\t\t\t<div class=\"elementor-element elementor-element-94406f5 elementor-widget elementor-widget-text-editor\" data-id=\"94406f5\" data-element_type=\"widget\" data-e-type=\"widget\" data-widget_type=\"text-editor.default\">\n\t\t\t\t<div class=\"elementor-widget-container\">\n\t\t\t\t\t\t\t\t\t<h4><strong>Cl\u00e1sica:<\/strong> Se elabora con m\u00e9todos modernos y tradicionales.<\/h4><h4><strong>Artesanal:<\/strong> Se elabora con m\u00e9todos tradicionales y artesanales.<\/h4><h4><strong>Ancestral:<\/strong> Se elabora con m\u00e9todos ancestrales y tradicionales.<\/h4>\t\t\t\t\t\t\t\t<\/div>\n\t\t\t\t<\/div>\n\t\t\t\t<\/div>\n\t\t\t\t\t<\/div>\n\t\t\t\t<\/div>\n\t\t<div class=\"elementor-element elementor-element-c6c453f e-flex e-con-boxed e-con e-parent\" data-id=\"c6c453f\" data-element_type=\"container\" data-e-type=\"container\">\n\t\t\t\t\t<div class=\"e-con-inner\">\n\t\t<div class=\"elementor-element elementor-element-be97cff e-con-full e-flex e-con e-child\" data-id=\"be97cff\" data-element_type=\"container\" data-e-type=\"container\">\n\t\t\t\t<div class=\"elementor-element elementor-element-3422098 elementor-widget__width-initial elementor-widget elementor-widget-elementskit-heading\" data-id=\"3422098\" data-element_type=\"widget\" data-e-type=\"widget\" data-widget_type=\"elementskit-heading.default\">\n\t\t\t\t<div class=\"elementor-widget-container\">\n\t\t\t\t\t<div class=\"ekit-wid-con\" ><div class=\"ekit-heading elementskit-section-title-wraper text_left   ekit_heading_tablet-   ekit_heading_mobile-\"><h2 class=\"ekit-heading--title elementskit-section-title \">  <span><span>Caracteristicas<\/span><\/span><\/h2><div class=\"ekit_heading_separetor_wraper ekit_heading_elementskit-border-divider ekit-dotted\"><div class=\"elementskit-border-divider ekit-dotted\"><\/div><\/div><h3 class=\"ekit-heading--subtitle elementskit-section-subtitle  \">\n\t\t\t\t\t\tLa Raicilla es una bebida artesanal 100% de agave que destaca por su autenticidad y tradici\u00f3n. A continuaci\u00f3n, resumimos sus caracter\u00edsticas distintivas:\n\t\t\t\t\t<\/h3><\/div><\/div>\t\t\t\t<\/div>\n\t\t\t\t<\/div>\n\t\t\t\t<\/div>\n\t\t<div class=\"elementor-element elementor-element-f50c49a e-con-full e-flex e-con e-child\" data-id=\"f50c49a\" data-element_type=\"container\" data-e-type=\"container\">\n\t\t\t\t<\/div>\n\t\t<div class=\"elementor-element elementor-element-38f9f4b e-con-full e-flex e-con e-child\" data-id=\"38f9f4b\" data-element_type=\"container\" data-e-type=\"container\">\n\t\t\t\t<div class=\"elementor-element elementor-element-3cb2dcc elementor-widget elementor-widget-text-editor\" data-id=\"3cb2dcc\" data-element_type=\"widget\" data-e-type=\"widget\" data-widget_type=\"text-editor.default\">\n\t\t\t\t<div class=\"elementor-widget-container\">\n\t\t\t\t\t\t\t\t\t<ul><li><h4><strong>Origen y Envasado:<\/strong><\/h4><ul><li><p>Bebida aut\u00e9ntica de agave, envasada directamente en su lugar de origen.<\/p><\/li><li><p>Contenido de alcohol variable entre 35% y 55% alc. Vol. a 20\u00baC.<\/p><\/li><\/ul><\/li><li><h4><strong>Control de Calidad:<\/strong><\/h4><ul><li><p>Contenido de metanol regulado, con un m\u00ednimo de 30mg\/100 ml y un m\u00e1ximo de 300mg\/100ml.<\/p><\/li><li><p>Rigurosos est\u00e1ndares para garantizar la pureza y seguridad del producto.<\/p><\/li><\/ul><\/li><li><h4><strong>Materias Primas:<\/strong><\/h4><ul><li><p>Elaborada a partir de agaves silvestres o cultivados, <strong>excluyendo el \u00abAgave Tequilana Weber Azul\u00bb.<\/strong><\/p><\/li><li><p>Utiliza materias primas de alta calidad para obtener sabores distintivos.<\/p><\/li><\/ul><\/li><li><h4><strong>Variedad y Creatividad:<\/strong><\/h4><ul><li><p>Permite la mezcla entre distintas destilaciones, fomentando la creatividad en la elaboraci\u00f3n.<\/p><\/li><li><p>Incorporaci\u00f3n de ingredientes adicionales para lograr perfiles de sabor \u00fanicos.<\/p><\/li><\/ul><\/li><\/ul>\t\t\t\t\t\t\t\t<\/div>\n\t\t\t\t<\/div>\n\t\t\t\t<\/div>\n\t\t<div class=\"elementor-element elementor-element-de7b039 e-con-full e-flex e-con e-child\" data-id=\"de7b039\" data-element_type=\"container\" data-e-type=\"container\">\n\t\t\t\t<div class=\"elementor-element elementor-element-0c35c8e elementor-widget__width-initial elementor-widget elementor-widget-text-editor\" data-id=\"0c35c8e\" data-element_type=\"widget\" data-e-type=\"widget\" data-widget_type=\"text-editor.default\">\n\t\t\t\t<div class=\"elementor-widget-container\">\n\t\t\t\t\t\t\t\t\t<h4 data-sourcepos=\"14:1-14:119\"><strong>Dentro de cada categor\u00eda, la Raicilla se clasifica en cinco clases seg\u00fan su tratamiento posterior a la destilaci\u00f3n:<\/strong><\/h4><ul data-sourcepos=\"16:1-17:85\"><li data-sourcepos=\"16:1-16:73\"><strong>Joven Blanco o Plata:<\/strong> No se somete a ning\u00fan proceso de a\u00f1ejamiento.<\/li><li data-sourcepos=\"17:1-17:85\"><strong>Envejecida o madurada en vidrio:<\/strong> Se estabiliza en recipientes de vidrio durante m\u00e1s de 12 meses.<\/li><li data-sourcepos=\"18:1-18:75\"><strong>Reposada u Oro:<\/strong> Se a\u00f1eja en recipientes de madera entre 2 y 12 meses.<\/li><li data-sourcepos=\"19:1-19:71\"><strong>A\u00f1eja:<\/strong> Se a\u00f1eja en recipientes de madera durante m\u00e1s de 12 meses.<\/li><li data-sourcepos=\"20:1-21:0\"><strong>Extra a\u00f1ejada:<\/strong> Se a\u00f1eja en recipientes de madera de roble blanco o encino durante m\u00e1s de 24 meses.<\/li><\/ul><h4 data-sourcepos=\"22:1-22:39\"><strong>Tambi\u00e9n existe una clase adicional:<\/strong><\/h4><ul data-sourcepos=\"24:1-25:0\"><li data-sourcepos=\"24:1-25:0\"><strong>Abocada:<\/strong> Se le a\u00f1aden ingredientes para darle un sabor particular.<\/li><li data-sourcepos=\"5:1-5:20\"><strong>Destilado con Raicilla:<\/strong> Se trata de un tipo de bebida alcoh\u00f3lica que se elabora a partir de una Raicilla artesanal o tradicional que se somete a una destilaci\u00f3n adicional. En esta segunda destilaci\u00f3n se a\u00f1aden ingredientes para incorporar nuevos sabores a la Raicilla.<\/li><\/ul>\t\t\t\t\t\t\t\t<\/div>\n\t\t\t\t<\/div>\n\t\t\t\t<\/div>\n\t\t\t\t\t<\/div>\n\t\t\t\t<\/div>\n\t\t<div class=\"elementor-element elementor-element-05ce816 e-flex e-con-boxed e-con e-parent\" data-id=\"05ce816\" data-element_type=\"container\" data-e-type=\"container\" data-settings=\"{&quot;background_background&quot;:&quot;classic&quot;}\">\n\t\t\t\t\t<div class=\"e-con-inner\">\n\t\t<div class=\"elementor-element elementor-element-c0e661a e-con-full e-flex e-con e-child\" data-id=\"c0e661a\" data-element_type=\"container\" data-e-type=\"container\">\n\t\t\t\t<div class=\"elementor-element elementor-element-e9ef1b1 elementor-widget elementor-widget-elementskit-heading\" data-id=\"e9ef1b1\" data-element_type=\"widget\" data-e-type=\"widget\" data-widget_type=\"elementskit-heading.default\">\n\t\t\t\t<div class=\"elementor-widget-container\">\n\t\t\t\t\t<div class=\"ekit-wid-con\" ><div class=\"ekit-heading elementskit-section-title-wraper text_left   ekit_heading_tablet-   ekit_heading_mobile-\"><h2 class=\"ekit-heading--title elementskit-section-title \">Lugares de <span>Denominaci\u00f3n de origen<\/span><\/span><\/h2><div class=\"ekit_heading_separetor_wraper ekit_heading_elementskit-border-divider ekit-dotted\"><div class=\"elementskit-border-divider ekit-dotted\"><\/div><\/div><\/div><\/div>\t\t\t\t<\/div>\n\t\t\t\t<\/div>\n\t\t\t\t<div class=\"elementor-element elementor-element-cd5cb49 elementor-widget elementor-widget-text-editor\" data-id=\"cd5cb49\" data-element_type=\"widget\" data-e-type=\"widget\" data-widget_type=\"text-editor.default\">\n\t\t\t\t<div class=\"elementor-widget-container\">\n\t\t\t\t\t\t\t\t\t<p data-sourcepos=\"7:1-7:281\"><strong>La Raicilla, bebida ancestral de profundo arraigo en la cultura jalisciense y nayarita, guarda en cada gota la esencia de dos estados vibrantes y llenos de historia. Su Denominaci\u00f3n de Origen protege y celebra la riqueza natural, cultural y artesanal que le da vida, delimitando un territorio donde la tradici\u00f3n se manifiesta en un elixir \u00fanico<\/strong><\/p><p data-sourcepos=\"7:1-7:281\"><strong>En Jalisco<\/strong>, la Raicilla se produce en <strong>16 municipios<\/strong>: <span class=\"citation-0 citation-end-0\">Atengo, Chiquilistl\u00e1n, Juchitl\u00e1n, Tecolotl\u00e1n, Tenamaxtl\u00e1n, Puerto Vallarta, Cabo Corrientes, Tomatl\u00e1n, Atenguillo, Ayutla, Cuautla, Guachinango, Mascota, Mixtl\u00e1n, San Sebasti\u00e1n del Oeste y Talpa de Allende.<\/span><\/p><p data-sourcepos=\"9:1-9:233\">Cada regi\u00f3n imprime un car\u00e1cter particular a la Raicilla. Las <strong>monta\u00f1as de la Sierra Occidental<\/strong> ofrecen agaves silvestres de gran complejidad, mientras que las <strong>costas del Pac\u00edfico<\/strong> aportan un toque mineral y fresco a la bebida.<\/p><p data-sourcepos=\"27:1-27:136\">\u00a0<\/p>\t\t\t\t\t\t\t\t<\/div>\n\t\t\t\t<\/div>\n\t\t\t\t<\/div>\n\t\t<div class=\"elementor-element elementor-element-8cc7605 e-con-full e-flex e-con e-child\" data-id=\"8cc7605\" data-element_type=\"container\" data-e-type=\"container\">\n\t\t\t\t<div class=\"elementor-element elementor-element-4b2d5bf elementor-widget elementor-widget-text-editor\" data-id=\"4b2d5bf\" data-element_type=\"widget\" data-e-type=\"widget\" data-widget_type=\"text-editor.default\">\n\t\t\t\t<div class=\"elementor-widget-container\">\n\t\t\t\t\t\t\t\t\t<p data-sourcepos=\"11:1-11:89\"><strong>En Nayarit<\/strong>, la Raicilla encuentra su hogar en el municipio de <strong>Bah\u00eda de Banderas<\/strong>.<\/p><p data-sourcepos=\"13:1-13:135\">Las <strong>playas paradis\u00edacas<\/strong> y la exuberante vegetaci\u00f3n de esta regi\u00f3n se traducen en una Raicilla con notas frutales y florales \u00fanicas.<\/p><p data-sourcepos=\"15:1-15:35\"><strong>Un terroir que define un sabor:<\/strong><\/p><p data-sourcepos=\"17:1-17:134\">El <strong>terroir<\/strong>, esa conjunci\u00f3n \u00fanica de clima, suelo y pr\u00e1cticas agr\u00edcolas, juega un papel fundamental en el car\u00e1cter de la Raicilla.<\/p><p data-sourcepos=\"19:1-19:141\">Las <strong>alturas de la Sierra<\/strong>, con sus temperaturas frescas y suelos pedregosos, dan lugar a agaves con aromas intensos y sabores especiados.<\/p><p data-sourcepos=\"21:1-21:96\">En las <strong>costas<\/strong>, la influencia del mar y la arena crea agaves con notas m\u00e1s ligeras y frescas.<\/p><p data-sourcepos=\"27:1-27:136\">\u00a0<\/p>\t\t\t\t\t\t\t\t<\/div>\n\t\t\t\t<\/div>\n\t\t\t\t<\/div>\n\t\t<div class=\"elementor-element elementor-element-dbee2b9 e-con-full e-flex e-con e-child\" data-id=\"dbee2b9\" data-element_type=\"container\" data-e-type=\"container\">\n\t\t\t\t<div class=\"elementor-element elementor-element-c44d319 elementor-widget elementor-widget-html\" data-id=\"c44d319\" data-element_type=\"widget\" data-e-type=\"widget\" data-widget_type=\"html.default\">\n\t\t\t\t<div class=\"elementor-widget-container\">\n\t\t\t\t\t<iframe src=\"https:\/\/www.google.com\/maps\/d\/u\/1\/embed?mid=1pGqj0nnApqSqwVPo_EQrT4IhZJThPIK0&ehbc=2E312F\" width=\"640\" height=\"480\"><\/iframe>\t\t\t\t<\/div>\n\t\t\t\t<\/div>\n\t\t\t\t<\/div>\n\t\t\t\t\t<\/div>\n\t\t\t\t<\/div>\n\t\t<div class=\"elementor-element elementor-element-fad23de e-flex e-con-boxed e-con e-parent\" data-id=\"fad23de\" data-element_type=\"container\" data-e-type=\"container\">\n\t\t\t\t\t<div class=\"e-con-inner\">\n\t\t\t\t<div class=\"elementor-element elementor-element-5396601 elementor-widget elementor-widget-text-editor\" data-id=\"5396601\" data-element_type=\"widget\" data-e-type=\"widget\" data-widget_type=\"text-editor.default\">\n\t\t\t\t<div class=\"elementor-widget-container\">\n\t\t\t\t\t\t\t\t\t<div class=\"response-container-content ng-tns-c993602403-101\"><div class=\"response-content ng-tns-c993602403-101 ng-animate-disabled\"><div class=\"markdown markdown-main-panel ui-v2-enabled\" dir=\"ltr\"><h2 class=\"\" data-sourcepos=\"1:1-1:20\"><strong>Bibliograf\u00eda:<\/strong><\/h2><p data-sourcepos=\"3:1-3:103\"><strong>M\u00e9xico. Instituto Mexicano de la Propiedad Industrial.<\/strong> (28 de junio de 2019). <strong>DECLARACI\u00d3N General de Protecci\u00f3n de la Denominaci\u00f3n de Origen Raicilla.<\/strong> <em class=\"\">Diario Oficial de la Federaci\u00f3n<\/em>. <a class=\"traceable-link\" href=\"https:\/\/dof.gob.mx\/nota_detalle.php?codigo=5564454&amp;fecha=28\/06\/2019\" target=\"_blank\" rel=\"noopener noreferrer\">https:\/\/dof.gob.mx\/nota_detalle.php?codigo=5564454&amp;fecha=28\/06\/2019<\/a><\/p><p><span class=\"pending\">Franco,<\/span><span class=\"pending\"> J.<\/span><span class=\"pending\"> A.,<\/span><span class=\"pending\"> S\u00e1nchez,<\/span><span class=\"pending\"> A.<\/span><span class=\"pending\"> G.,<\/span><span class=\"pending\"> Goyas,<\/span><span class=\"pending\"> R.,<\/span><span class=\"pending\"> Trujillo,<\/span><span class=\"pending\"> M.,<\/span><span class=\"pending\"> Navarro,<\/span><span class=\"pending\"> J.<\/span><span class=\"pending\"> A.,<\/span><span class=\"pending\"> Zamudio,<\/span><span class=\"pending\"> C.,<\/span><span class=\"pending\"> &#8230;<\/span><span class=\"pending\"> &amp; Tulet,<\/span><span class=\"pending\"> J.<\/span><span class=\"pending\"> C.<\/span><span class=\"pending\"> (2011).<\/span> <strong class=\"pending\">La Raicilla, Herencia y patrimonio cultural de Jalisco<\/strong><span class=\"pending\">.<\/span><span class=\"pending\"> Editorial Universitaria del Centro Universitario Valles de la Universidad de Guadalajara.<\/span><\/p><p><span class=\"pending\">Valenzuela Zapata,<\/span><span class=\"pending\"> A.<\/span><span class=\"pending\"> G.,<\/span> <span class=\"citation-0 pending\">Regalado Pinedo, A., &amp; Mizoguchi, M. (2008). <\/span><strong class=\"pending\"><span class=\"citation-0\">Influencia asi\u00e1tica en la producci\u00f3n de mezcal en la costa de Jalisco. El caso de la Raicilla<\/span><\/strong><span class=\"citation-0 citation-end-0 pending\">.<\/span><span class=\"pending\"> Desacatos,<\/span><span class=\"pending\"> (26),<\/span><span class=\"pending\"> 97-118.<\/span><\/p><p>Muri\u00e0, J. M. (A\u00f1o no especificado). \u00abAproximaci\u00f3n a la Raicilla\u00bb<\/p><p data-sourcepos=\"15:1-15:26\"><strong class=\"pending\">Informaci\u00f3n adicional:<\/strong><\/p><ul data-sourcepos=\"17:1-18:0\"><li class=\"pending\" data-sourcepos=\"17:1-18:0\"><strong class=\"pending\">Decreto del Gobierno del Estado de Jalisco por el que se establece como nombre oficial de uno de los pueblos de la Sierra Occidental dentro del Municipio de Mascota a \u00abCIMARRON CHICO DE LA RAICILLA\u00bb.<\/strong><span class=\"pending\"> (14 de diciembre de 2000).<\/span><\/li><\/ul><\/div><\/div><\/div>\t\t\t\t\t\t\t\t<\/div>\n\t\t\t\t<\/div>\n\t\t\t\t\t<\/div>\n\t\t\t\t<\/div>\n\t\t\t\t<\/div>\n\t\t","protected":false},"excerpt":{"rendered":"<p>La Raicilla Un tesoro cultural entre monta\u00f1as y costas En las intrincadas monta\u00f1as de Jalisco, la raicilla de la sierra se alza como una joya ancestral que ha desafiado el tiempo. Mantiene viva la esencia de una tradici\u00f3n destilatoria clandestina que se remonta al siglo XVII, impregnando cada gota de un legado \u00fanico. Mientras tanto, [&hellip;]<\/p>\n","protected":false},"author":1,"featured_media":0,"parent":0,"menu_order":0,"comment_status":"closed","ping_status":"closed","template":"","meta":{"footnotes":""},"class_list":["post-31","page","type-page","status-publish","hentry"],"_hostinger_reach_plugin_has_subscription_block":false,"_hostinger_reach_plugin_is_elementor":false,"_links":{"self":[{"href":"https:\/\/raicillamx.com\/index.php\/wp-json\/wp\/v2\/pages\/31","targetHints":{"allow":["GET"]}}],"collection":[{"href":"https:\/\/raicillamx.com\/index.php\/wp-json\/wp\/v2\/pages"}],"about":[{"href":"https:\/\/raicillamx.com\/index.php\/wp-json\/wp\/v2\/types\/page"}],"author":[{"embeddable":true,"href":"https:\/\/raicillamx.com\/index.php\/wp-json\/wp\/v2\/users\/1"}],"replies":[{"embeddable":true,"href":"https:\/\/raicillamx.com\/index.php\/wp-json\/wp\/v2\/comments?post=31"}],"version-history":[{"count":3,"href":"https:\/\/raicillamx.com\/index.php\/wp-json\/wp\/v2\/pages\/31\/revisions"}],"predecessor-version":[{"id":1094,"href":"https:\/\/raicillamx.com\/index.php\/wp-json\/wp\/v2\/pages\/31\/revisions\/1094"}],"wp:attachment":[{"href":"https:\/\/raicillamx.com\/index.php\/wp-json\/wp\/v2\/media?parent=31"}],"curies":[{"name":"wp","href":"https:\/\/api.w.org\/{rel}","templated":true}]}}